{"id":67072,"date":"2021-09-21T02:24:30","date_gmt":"2021-09-21T02:24:30","guid":{"rendered":"https:\/\/www.nmedacanada.ca\/ressources-pour-les-consommateurs\/financement\/le-canada-finance-les-rabais-feo\/"},"modified":"2021-09-21T02:29:35","modified_gmt":"2021-09-21T02:29:35","slug":"le-canada-finance-les-rabais-feo","status":"publish","type":"page","link":"https:\/\/nmedacanada.ca\/fr\/ressources-pour-les-consommateurs\/financement\/le-canada-finance-les-rabais-feo\/","title":{"rendered":"le Canada Finance les Rabais Feo"},"content":{"rendered":"<div id='topbanner'  class='avia-section main_color avia-section-default avia-no-border-styling  avia-full-stretch avia-bg-style-scroll  avia-builder-el-0  el_before_av_section  avia-builder-el-first   av-minimum-height av-minimum-height-custom  container_wrap fullsize' style='background-repeat: no-repeat; background-image: url(https:\/\/nmedacanada.ca\/wp-content\/uploads\/2021\/09\/Dodge_RE_Family_2019_006_High-1500x233.png);background-attachment: scroll; background-position: center center;  '  data-section-bg-repeat='stretch'><div class='container' style='height:290px'><main  role=\"main\" itemprop=\"mainContentOfPage\"  class='template-page content  av-content-full alpha units'><div class='post-entry post-entry-type-page post-entry-67072'><div class='entry-content-wrapper clearfix'>\n<\/div><\/div><\/main><!-- close content main element --><\/div><\/div><div id='abouttitle'  class='avia-section main_color avia-section-default avia-no-border-styling  avia-bg-style-scroll  avia-builder-el-1  el_after_av_section  el_before_av_section   container_wrap fullsize' style=' '  ><div class='container' ><div class='template-page content  av-content-full alpha units'><div class='post-entry post-entry-type-page post-entry-67072'><div class='entry-content-wrapper clearfix'>\n<section class=\"av_textblock_section \"  itemscope=\"itemscope\" itemtype=\"https:\/\/schema.org\/CreativeWork\" ><div class='avia_textblock  '   itemprop=\"text\" ><h3 class=\"p1\"><strong><span class=\"s1\">Rabais Pour Votre Achat De V\u00e9hicule Accessible En Fauteuil Roulant<\/span><\/strong><\/h3>\n<p class=\"p1\"><span class=\"s1\">De nombreux fabricants d&#8217;\u00e9quipement d&#8217;origine (FEO) offrent une aide aux remises aux clients lorsqu&#8217;ils ach\u00e8tent des produits d&#8217;accessibilit\u00e9. Chaque fabricant membre a son propre programme, qui sont tous \u00e9num\u00e9r\u00e9s ci-dessous. Si vous avez des questions sur les programmes de mobilit\u00e9 suivants, veuillez contacter directement le fabricant aux num\u00e9ros de t\u00e9l\u00e9phone ci-dessous.<\/span><\/p>\n<\/div><\/section>\n\n<\/div><\/div><\/div><!-- close content main div --><\/div><\/div><div id='rebate-joinblocks'  class='avia-section main_color avia-section-default avia-no-border-styling  avia-bg-style-scroll  avia-builder-el-3  el_after_av_section  el_before_av_section   container_wrap fullsize' style=' '  ><div class='container' ><div class='template-page content  av-content-full alpha units'><div class='post-entry post-entry-type-page post-entry-67072'><div class='entry-content-wrapper clearfix'>\n<div  style='padding-bottom:50px; color:#03376a;' class='av-special-heading av-special-heading-h4 custom-color-heading   avia-builder-el-4  el_before_av_one_full  avia-builder-el-first  '><h4 class='av-special-heading-tag '  itemprop=\"headline\"  >Membres de l\u2019Industrie de l\u2019ANCEM<\/h4><div class='special-heading-border'><div class='special-heading-inner-border' style='border-color:#03376a'><\/div><\/div><\/div>\n<div class=\"flex_column av_one_full  flex_column_div av-zero-column-padding first  avia-builder-el-5  el_after_av_heading  avia-builder-el-last  \" style='border-radius:0px; '><section class=\"av_textblock_section \"  itemscope=\"itemscope\" itemtype=\"https:\/\/schema.org\/CreativeWork\" ><div class='avia_textblock  '   itemprop=\"text\" ><div class=\"joinbox\">\n<div class=\"imgbox\"><a href=\"https:\/\/www.fcausdriveability.com\/\" target=\"_blank\" rel=\"noopener\"><br \/>\n<img loading=\"lazy\" class=\"alignnone wp-image-1708 size-medium\" src=\"https:\/\/www.nmedacanada.ca\/wp-content\/uploads\/2020\/07\/FCA_Logo_transparent-300x113.png\" alt=\"\" width=\"300\" height=\"113\" srcset=\"https:\/\/nmedacanada.ca\/wp-content\/uploads\/2020\/07\/FCA_Logo_transparent-300x113.png 300w, https:\/\/nmedacanada.ca\/wp-content\/uploads\/2020\/07\/FCA_Logo_transparent-1030x386.png 1030w, https:\/\/nmedacanada.ca\/wp-content\/uploads\/2020\/07\/FCA_Logo_transparent-768x288.png 768w, https:\/\/nmedacanada.ca\/wp-content\/uploads\/2020\/07\/FCA_Logo_transparent-1536x576.png 1536w, https:\/\/nmedacanada.ca\/wp-content\/uploads\/2020\/07\/FCA_Logo_transparent-500x188.png 500w, https:\/\/nmedacanada.ca\/wp-content\/uploads\/2020\/07\/FCA_Logo_transparent-394x148.png 394w, https:\/\/nmedacanada.ca\/wp-content\/uploads\/2020\/07\/FCA_Logo_transparent-1500x563.png 1500w, https:\/\/nmedacanada.ca\/wp-content\/uploads\/2020\/07\/FCA_Logo_transparent-705x264.png 705w, https:\/\/nmedacanada.ca\/wp-content\/uploads\/2020\/07\/FCA_Logo_transparent.png 1600w\" sizes=\"(max-width: 300px) 100vw, 300px\" \/><\/a><\/div>\n<div class=\"rightside\">\n<h4><a href=\"https:\/\/www.fcausdriveability.com\/\" target=\"_blank\" rel=\"noopener\"><strong>PROGRAMME AUTOABILIT\u00c9 DE FCA CANADA<\/strong><\/a>\u00a0<span class=\"clickbox\"><a href=\"https:\/\/www.fcausdriveability.com\/\" target=\"_blank\" rel=\"noopener\"><img loading=\"lazy\" class=\"alignnone\" src=\"https:\/\/www.nmedacanada.ca\/wp-content\/uploads\/2020\/07\/joinicon1.png\" alt=\"\" width=\"34\" height=\"34\" \/><\/a><\/span><\/h4>\n<p class=\"join-subtext\">Le programme AutoAbilit\u00e9 de FCA Canada offre un rabais d&#8217;aide financi\u00e8re pouvant aller jusqu&#8217;\u00e0 $750 pour l&#8217;installation d&#8217;\u00e9quipement adapt\u00e9 sur les v\u00e9hicules Chrysler, Jeep, Dodge, Ram ou Fiat neufs 2018, 2019 et 2020 admissibles. Contactez le Si\u00e8ge du Programme AutoAbilit\u00e9 au <a href=\"tel:8002656908\">(800) 265-6908<\/a> pour les conditions d&#8217;\u00e9ligibilit\u00e9 et les dates d&#8217;expiration du programme.<\/p>\n<p><a href=\"tel:8002656908\">(800) 265-6908<\/a><\/p>\n<p class=\"learntext\"><a href=\"https:\/\/www.fcausdriveability.com\/\" target=\"_blank\" rel=\"noopener\">EN SAVOIR PLUS SUR LE PROGRAMME AUTOABILIT\u00c9 DE FCA CANADA<\/a><\/p>\n<\/div>\n<\/div>\n<div class=\"joinbox\">\n<div class=\"imgbox\"><a href=\"https:\/\/www.gmfleet.com\/vehicles\/upfit-applications\/mobility-vehicles\" target=\"_blank\" rel=\"noopener\"><img loading=\"lazy\" class=\"alignnone wp-image-1709 size-full\" src=\"https:\/\/www.nmedacanada.ca\/wp-content\/uploads\/2020\/08\/gm-logo_transparent.png\" alt=\"\" width=\"300\" height=\"140\" \/><\/a><\/div>\n<div class=\"rightside\">\n<h4><a href=\"https:\/\/www.gmfleet.com\/vehicles\/upfit-applications\/mobility-vehicles\" target=\"_blank\" rel=\"noopener\"><strong>PROGRAMME DE MOBILIT\u00c9 DE GENERAL MOTORS<\/strong><\/a><span class=\"clickbox\"><a href=\"https:\/\/www.gmfleet.com\/vehicles\/upfit-applications\/mobility-vehicles\" target=\"_blank\" rel=\"noopener\"><img loading=\"lazy\" class=\"alignnone\" src=\"https:\/\/www.nmedacanada.ca\/wp-content\/uploads\/2020\/07\/joinicon1.png\" alt=\"\" width=\"34\" height=\"34\" \/><\/a><\/span><\/h4>\n<p class=\"join-subtext\">Recevez jusqu&#8217;\u00e0 $1,000 de remboursement pour les frais d&#8217;adaptation d&#8217;une nouvelle Chevrolet, Buick, GMC ou Cadillac admissible, plus un abonnement de deux ans au plan OnStar Essentials.<\/p>\n<p><a href=\"tel:8004637483\">(800) 463-7483<\/a><\/p>\n<p class=\"learntext\"><a href=\"https:\/\/programs.gm.ca\/programs\/mobility.html\" target=\"_blank\" rel=\"noopener\">EN SAVOIR PLUS SUR LE PROGRAMME DE MOBILIT\u00c9 DE GENERAL MOTORS<\/a><\/p>\n<\/div>\n<\/div>\n<div class=\"joinbox\">\n<div class=\"imgbox\"><a href=\"https:\/\/www.toyotamobility.com\/\" target=\"_blank\" rel=\"noopener\"><img loading=\"lazy\" class=\"wp-image-2189 size-medium alignnone\" src=\"https:\/\/www.nmedacanada.ca\/wp-content\/uploads\/2020\/08\/toyota-mobility_transparent-300x96.png\" alt=\"\" width=\"300\" height=\"96\" srcset=\"https:\/\/nmedacanada.ca\/wp-content\/uploads\/2020\/08\/toyota-mobility_transparent-300x96.png 300w, https:\/\/nmedacanada.ca\/wp-content\/uploads\/2020\/08\/toyota-mobility_transparent-1030x329.png 1030w, https:\/\/nmedacanada.ca\/wp-content\/uploads\/2020\/08\/toyota-mobility_transparent-768x246.png 768w, https:\/\/nmedacanada.ca\/wp-content\/uploads\/2020\/08\/toyota-mobility_transparent-1536x491.png 1536w, https:\/\/nmedacanada.ca\/wp-content\/uploads\/2020\/08\/toyota-mobility_transparent-500x160.png 500w, https:\/\/nmedacanada.ca\/wp-content\/uploads\/2020\/08\/toyota-mobility_transparent-394x126.png 394w, https:\/\/nmedacanada.ca\/wp-content\/uploads\/2020\/08\/toyota-mobility_transparent-1500x480.png 1500w, https:\/\/nmedacanada.ca\/wp-content\/uploads\/2020\/08\/toyota-mobility_transparent-705x225.png 705w, https:\/\/nmedacanada.ca\/wp-content\/uploads\/2020\/08\/toyota-mobility_transparent.png 1920w\" sizes=\"(max-width: 300px) 100vw, 300px\" \/><\/a><\/div>\n<div class=\"rightside\">\n<h4><a href=\"https:\/\/www.toyota.ca\/toyota\/en\/vehicles\/sienna\/features-benefits#\/al\/toyota-mobility\" target=\"_blank\" rel=\"noopener\"><strong>PROGRAMME DE MOBILIT\u00c9 TOYOTA<\/strong><\/a><span class=\"clickbox\"><a href=\"https:\/\/www.toyotamobility.com\/\" target=\"_blank\" rel=\"noopener\"><img loading=\"lazy\" class=\"alignnone\" src=\"https:\/\/www.nmedacanada.ca\/wp-content\/uploads\/2020\/07\/joinicon1.png\" alt=\"\" width=\"34\" height=\"34\" \/><\/a><\/span><\/h4>\n<p class=\"join-subtext\">Ce programme offre jusqu&#8217;\u00e0 $1,000 d&#8217;allocation aux clients ayant des difficult\u00e9s physiques qui ach\u00e8tent un v\u00e9hicule Toyota neuf ou admissible pour aider \u00e0 couvrir les co\u00fbts d&#8217;installation d&#8217;aides \u00e0 la conduite adaptatives ou d&#8217;\u00e9quipements d&#8217;aide \u00e0 la mobilit\u00e9.<\/p>\n<p><a href=\"tel:8003239935\">(800) 323-9935<\/a><\/p>\n<p class=\"learntext\"><a href=\"https:\/\/www.toyotamobility.com\/\" target=\"_blank\" rel=\"noopener\">EN SAVOIR PLUS SUR LE PROGRAMME DE MOBILIT\u00c9 TOYOTA<\/a><\/p>\n<\/div>\n<\/div>\n<\/div><\/section><\/div>\n\n<\/div><\/div><\/div><!-- close content main div --><\/div><\/div><div id='rebate-joinblocks'  class='avia-section main_color avia-section-default avia-no-border-styling  avia-bg-style-scroll  avia-builder-el-7  el_after_av_section  avia-builder-el-last   container_wrap fullsize' style=' '  ><div class='container' ><div class='template-page content  av-content-full alpha units'><div class='post-entry post-entry-type-page post-entry-67072'><div class='entry-content-wrapper clearfix'>\n<div  style='padding-bottom:50px; color:#03376a;' class='av-special-heading av-special-heading-h4 custom-color-heading   avia-builder-el-8  el_before_av_one_full  avia-builder-el-first  '><h4 class='av-special-heading-tag '  itemprop=\"headline\"  >FEO NON-ANCEM<\/h4><div class='special-heading-border'><div class='special-heading-inner-border' style='border-color:#03376a'><\/div><\/div><\/div>\n<div class=\"flex_column av_one_full  flex_column_div av-zero-column-padding first  avia-builder-el-9  el_after_av_heading  avia-builder-el-last  \" style='border-radius:0px; '><section class=\"av_textblock_section \"  itemscope=\"itemscope\" itemtype=\"https:\/\/schema.org\/CreativeWork\" ><div class='avia_textblock  '   itemprop=\"text\" ><div class=\"joinbox\">\n<div class=\"imgbox\"><a href=\"https:\/\/www.fordupfits.com\/accessibility\/accessible-vehicles#.VNBF8saHtiY\" target=\"_blank\" rel=\"noopener\"><img loading=\"lazy\" class=\"alignnone wp-image-1714 size-medium\" src=\"https:\/\/www.nmedacanada.ca\/wp-content\/uploads\/2020\/07\/Ford-300x115.png\" alt=\"\" width=\"300\" height=\"115\" srcset=\"https:\/\/nmedacanada.ca\/wp-content\/uploads\/2020\/07\/Ford-300x115.png 300w, https:\/\/nmedacanada.ca\/wp-content\/uploads\/2020\/07\/Ford-768x295.png 768w, https:\/\/nmedacanada.ca\/wp-content\/uploads\/2020\/07\/Ford-500x192.png 500w, https:\/\/nmedacanada.ca\/wp-content\/uploads\/2020\/07\/Ford-394x151.png 394w, https:\/\/nmedacanada.ca\/wp-content\/uploads\/2020\/07\/Ford-705x271.png 705w, https:\/\/nmedacanada.ca\/wp-content\/uploads\/2020\/07\/Ford.png 800w\" sizes=\"(max-width: 300px) 100vw, 300px\" \/><\/a><\/div>\n<div class=\"rightside\">\n<h4><a href=\"https:\/\/www.ford.ca\/mobility\/\" target=\"_blank\" rel=\"noopener\"><strong>PROGRAMME DE MOBILIT\u00c9 FORD<\/strong><\/a><span class=\"clickbox\"><a href=\"https:\/\/www.fordupfits.com\/accessibility\/accessible-vehicles#.VNBF8saHtiY\" target=\"_blank\" rel=\"noopener\"><img loading=\"lazy\" class=\"alignnone\" src=\"https:\/\/www.nmedacanada.ca\/wp-content\/uploads\/2020\/07\/joinicon1.png\" alt=\"\" width=\"34\" height=\"34\" \/><\/a><\/span><\/h4>\n<p class=\"join-subtext\">Lors de l&#8217;achat ou la location d&#8217;un v\u00e9hicule neuf Ford du Canada, vous pourriez \u00eatre admissible \u00e0 recevoir jusqu&#8217;\u00e0 $1,000 pour l&#8217;installation d&#8217;aides ou d&#8217;\u00e9quipements adapt\u00e9s \u00e0 la conduite.<\/p>\n<p><a href=\"tel:8005653673\">(800) 565-3673<\/a><\/p>\n<p class=\"learntext\"><a href=\"https:\/\/www.ford.ca\/mobility\/\" target=\"_blank\" rel=\"noopener\">EN SAVOIR PLUS SUR LE PROGRAMME DE MOBILIT\u00c9 FORD<\/a><\/p>\n<\/div>\n<\/div>\n<div class=\"joinbox\">\n<div class=\"imgbox\"><a href=\"https:\/\/automobiles.honda.com\/mobility-assistance\" target=\"_blank\" rel=\"noopener\"><img loading=\"lazy\" class=\"alignnone wp-image-1929 size-medium\" src=\"https:\/\/www.nmedacanada.ca\/wp-content\/uploads\/2020\/07\/Honda-300x203.png\" alt=\"\" width=\"300\" height=\"203\" srcset=\"https:\/\/nmedacanada.ca\/wp-content\/uploads\/2020\/07\/Honda-300x203.png 300w, https:\/\/nmedacanada.ca\/wp-content\/uploads\/2020\/07\/Honda-1030x697.png 1030w, https:\/\/nmedacanada.ca\/wp-content\/uploads\/2020\/07\/Honda-768x520.png 768w, https:\/\/nmedacanada.ca\/wp-content\/uploads\/2020\/07\/Honda-1536x1039.png 1536w, https:\/\/nmedacanada.ca\/wp-content\/uploads\/2020\/07\/Honda-500x338.png 500w, https:\/\/nmedacanada.ca\/wp-content\/uploads\/2020\/07\/Honda-394x267.png 394w, https:\/\/nmedacanada.ca\/wp-content\/uploads\/2020\/07\/Honda-1500x1015.png 1500w, https:\/\/nmedacanada.ca\/wp-content\/uploads\/2020\/07\/Honda-705x477.png 705w, https:\/\/nmedacanada.ca\/wp-content\/uploads\/2020\/07\/Honda.png 1700w\" sizes=\"(max-width: 300px) 100vw, 300px\" \/><\/a><\/div>\n<div class=\"rightside\">\n<h4><a href=\"https:\/\/automobiles.honda.com\/mobility-assistance\" target=\"_blank\" rel=\"noopener\"><strong>PROGRAMME DE MOBILIT\u00c9 HONDA<\/strong><\/a><span class=\"clickbox\"><a href=\"https:\/\/automobiles.honda.com\/mobility-assistance\" target=\"_blank\" rel=\"noopener\"><img loading=\"lazy\" class=\"alignnone\" src=\"https:\/\/www.nmedacanada.ca\/wp-content\/uploads\/2020\/07\/joinicon1.png\" alt=\"\" width=\"34\" height=\"34\" \/><\/a><\/span><\/h4>\n<p class=\"join-subtext\">\u00a0Le Programme d&#8217;Assistance \u00e0 la Mobilit\u00e9 des Clients Honda r\u00e9pond aux besoins de mobilit\u00e9 des conducteurs et des passagers ayant un handicap physique. Honda remboursera jusqu&#8217;\u00e0 $1,000 \u00e0 chaque client au d\u00e9tail d&#8217;origine admissible pour les d\u00e9penses engag\u00e9es pour acheter et installer l&#8217;\u00e9quipement de v\u00e9hicule adaptatif admissible sur tout v\u00e9hicule Honda admissible achet\u00e9 ou lou\u00e9.<\/p>\n<p><a href=\"tel:8009228729\">(800) 922-8729<\/a><\/p>\n<p class=\"learntext\"><a href=\"https:\/\/automobiles.honda.com\/mobility-assistance\" target=\"_blank\" rel=\"noopener\">EN SAVOIR PLUS SUR LE PROGRAMME DE MOBILIT\u00c9 HONDA<\/a><\/p>\n<\/div>\n<\/div>\n<div class=\"joinbox\">\n<div class=\"imgbox\"><a href=\"https:\/\/www.hyundaiusa.com\/us\/en\/special-programs\/mobility\" target=\"_blank\" rel=\"noopener\"><img loading=\"lazy\" class=\"alignnone wp-image-1930 size-medium\" src=\"https:\/\/www.nmedacanada.ca\/wp-content\/uploads\/2020\/07\/Hyundai-300x178.png\" alt=\"\" width=\"300\" height=\"178\" srcset=\"https:\/\/nmedacanada.ca\/wp-content\/uploads\/2020\/07\/Hyundai-300x178.png 300w, https:\/\/nmedacanada.ca\/wp-content\/uploads\/2020\/07\/Hyundai-1030x610.png 1030w, https:\/\/nmedacanada.ca\/wp-content\/uploads\/2020\/07\/Hyundai-768x454.png 768w, https:\/\/nmedacanada.ca\/wp-content\/uploads\/2020\/07\/Hyundai-1536x909.png 1536w, https:\/\/nmedacanada.ca\/wp-content\/uploads\/2020\/07\/Hyundai-2048x1212.png 2048w, https:\/\/nmedacanada.ca\/wp-content\/uploads\/2020\/07\/Hyundai-500x296.png 500w, https:\/\/nmedacanada.ca\/wp-content\/uploads\/2020\/07\/Hyundai-394x233.png 394w, https:\/\/nmedacanada.ca\/wp-content\/uploads\/2020\/07\/Hyundai-1500x888.png 1500w, https:\/\/nmedacanada.ca\/wp-content\/uploads\/2020\/07\/Hyundai-705x417.png 705w\" sizes=\"(max-width: 300px) 100vw, 300px\" \/><\/a><\/div>\n<div class=\"rightside\">\n<h4><a href=\"https:\/\/www.hyundaiusa.com\/us\/en\/special-programs\/mobility\" target=\"_blank\" rel=\"noopener\"><strong>PROGRAMME DE MOBILIT\u00c9 HYUNDAI<\/strong><\/a><span class=\"clickbox\"><a href=\"https:\/\/www.hyundaiusa.com\/us\/en\/special-programs\/mobility\" target=\"_blank\" rel=\"noopener\"><img loading=\"lazy\" class=\"alignnone\" src=\"https:\/\/www.nmedacanada.ca\/wp-content\/uploads\/2020\/07\/joinicon1.png\" alt=\"\" width=\"34\" height=\"34\" \/><\/a><\/span><\/h4>\n<p class=\"join-subtext\">\u00a0L&#8217;achat et la modification d&#8217;un nouveau v\u00e9hicule peut \u00eatre co\u00fbteux. Nous offrons donc $1,000 pour le co\u00fbt de l&#8217;\u00e9quipement adapt\u00e9. Nous avons inclus des liens vers des guides, des fiches d&#8217;information, un formulaire de r\u00e9clamation et des sp\u00e9cialistes qui peuvent vous aider \u00e0 obtenir l&#8217;\u00e9quipement et la formation dont vous avez besoin.<\/p>\n<p><a href=\"tel:8006335151\">(800) 633-5151<\/a><\/p>\n<p class=\"learntext\"><a href=\"https:\/\/www.hyundaiusa.com\/us\/en\/special-programs\/mobility\" target=\"_blank\" rel=\"noopener\">EN SAVOIR PLUS SUR LE PROGRAMME DE MOBILIT\u00c9 HYUNDAI<\/a><\/p>\n<\/div>\n<\/div>\n<div class=\"joinbox\">\n<div class=\"imgbox\"><a href=\"https:\/\/www.mazdausa.com\/about-mazda\/mobility-program#:~:text=Mazda%20USA%20will%20reimburse%20up,hand%20or%20other%20driving%20controls\" target=\"_blank\" rel=\"noopener\"><img loading=\"lazy\" class=\"wp-image-63927 size-full alignnone\" src=\"https:\/\/www.nmedacanada.ca\/wp-content\/uploads\/2020\/08\/Mazda_transparent.png\" alt=\"\" width=\"225\" height=\"225\" srcset=\"https:\/\/nmedacanada.ca\/wp-content\/uploads\/2020\/08\/Mazda_transparent.png 225w, https:\/\/nmedacanada.ca\/wp-content\/uploads\/2020\/08\/Mazda_transparent-80x80.png 80w, https:\/\/nmedacanada.ca\/wp-content\/uploads\/2020\/08\/Mazda_transparent-36x36.png 36w, https:\/\/nmedacanada.ca\/wp-content\/uploads\/2020\/08\/Mazda_transparent-180x180.png 180w\" sizes=\"(max-width: 225px) 100vw, 225px\" \/><\/a><\/div>\n<div class=\"rightside\">\n<h4><a href=\"https:\/\/www.mazda.ca\/en\/shopping-tools\/programs\/mobility\/\" target=\"_blank\" rel=\"noopener\"><strong>PROGRAMME DE MOBILIT\u00c9 MAZDA<\/strong><\/a><span class=\"clickbox\"><a href=\"https:\/\/www.mazdausa.com\/about-mazda\/mobility-program#:~:text=Mazda%20USA%20will%20reimburse%20up,hand%20or%20other%20driving%20controls\" target=\"_blank\" rel=\"noopener\"><img loading=\"lazy\" class=\"alignnone\" src=\"https:\/\/www.nmedacanada.ca\/wp-content\/uploads\/2020\/07\/joinicon1.png\" alt=\"\" width=\"34\" height=\"34\" \/><\/a><\/span><\/h4>\n<p class=\"join-subtext\">Mazda Canada remboursera jusqu&#8217;\u00e0 $750 pour l&#8217;achat et l&#8217;installation d&#8217;aides \u00e0 la conduite adaptatives ou d&#8217;\u00e9quipement d&#8217;aide \u00e0 la mobilit\u00e9 sur tous les v\u00e9hicules Mazda admissibles.<\/p>\n<p><a href=\"tel:8002634680\">(800) 263-4680<\/a><\/p>\n<p class=\"learntext\"><a href=\"https:\/\/www.mazda.ca\/en\/shopping-tools\/programs\/mobility\/\" target=\"_blank\" rel=\"noopener\">EN SAVOIR PLUS SUR LE PROGRAMME DE MOBILIT\u00c9 MAZDA<\/a><\/p>\n<\/div>\n<\/div>\n<div class=\"joinbox\">\n<div class=\"imgbox\"><a href=\"https:\/\/www.miniusa.com\/tools\/buying\/mini-mobility-program.html\" target=\"_blank\" rel=\"noopener\"><img loading=\"lazy\" class=\"alignnone wp-image-1933 size-medium\" src=\"https:\/\/www.nmedacanada.ca\/wp-content\/uploads\/2020\/07\/Mini-300x169.png\" alt=\"\" width=\"300\" height=\"169\" srcset=\"https:\/\/nmedacanada.ca\/wp-content\/uploads\/2020\/07\/Mini-300x169.png 300w, https:\/\/nmedacanada.ca\/wp-content\/uploads\/2020\/07\/Mini-1030x579.png 1030w, https:\/\/nmedacanada.ca\/wp-content\/uploads\/2020\/07\/Mini-768x432.png 768w, https:\/\/nmedacanada.ca\/wp-content\/uploads\/2020\/07\/Mini-1536x864.png 1536w, https:\/\/nmedacanada.ca\/wp-content\/uploads\/2020\/07\/Mini-500x281.png 500w, https:\/\/nmedacanada.ca\/wp-content\/uploads\/2020\/07\/Mini-394x222.png 394w, https:\/\/nmedacanada.ca\/wp-content\/uploads\/2020\/07\/Mini-1500x844.png 1500w, https:\/\/nmedacanada.ca\/wp-content\/uploads\/2020\/07\/Mini-705x397.png 705w, https:\/\/nmedacanada.ca\/wp-content\/uploads\/2020\/07\/Mini.png 1920w\" sizes=\"(max-width: 300px) 100vw, 300px\" \/><\/a><\/div>\n<div class=\"rightside\">\n<h4><a href=\"https:\/\/www.miniusa.com\/tools\/buying\/mini-mobility-program.html\" target=\"_blank\" rel=\"noopener\"><strong>PROGRAMME MINI MOBILIT\u00c9<\/strong><\/a><span class=\"clickbox\"><a href=\"https:\/\/www.miniusa.com\/tools\/buying\/mini-mobility-program.html\" target=\"_blank\" rel=\"noopener\"><img loading=\"lazy\" class=\"alignnone\" src=\"https:\/\/www.nmedacanada.ca\/wp-content\/uploads\/2020\/07\/joinicon1.png\" alt=\"\" width=\"34\" height=\"34\" \/><\/a><\/span><\/h4>\n<p class=\"join-subtext\">Le programme MINI Mobilit\u00e9 rend la conduite d&#8217;une MINI encore plus attrayante! \u00c0 l&#8217;achat ou la location d&#8217;une MINI neuve ou d&#8217;occasion certifi\u00e9e (CPO) aupr\u00e8s d&#8217;un Concessionnaire MINI autoris\u00e9, les clients qui ont besoin d&#8217;un \u00e9quipement adapt\u00e9 \u00e0 leur v\u00e9hicule peuvent \u00eatre admissibles \u00e0 un remboursement unique pouvant aller jusqu&#8217;\u00e0 $2,500 des d\u00e9penses.<\/p>\n<p><a href=\"tel:8662756464\">(866) 275-6464<\/a><\/p>\n<p class=\"learntext\"><a href=\"https:\/\/www.miniusa.com\/tools\/buying\/mini-mobility-program.html\" target=\"_blank\" rel=\"noopener\">EN SAVOIR PLUS SUR LE PROGRAMME MINI MOBILIT\u00c9<\/a><\/p>\n<\/div>\n<\/div>\n<div class=\"joinbox\">\n<div class=\"imgbox\"><a href=\"https:\/\/www.subaru.com\/owners\/subaru-mobility-assist.html\" target=\"_blank\" rel=\"noopener\"><img loading=\"lazy\" class=\"alignnone wp-image-1935 size-medium\" src=\"https:\/\/www.nmedacanada.ca\/wp-content\/uploads\/2020\/07\/Subaru-300x175.png\" alt=\"\" width=\"300\" height=\"175\" srcset=\"https:\/\/nmedacanada.ca\/wp-content\/uploads\/2020\/07\/Subaru-300x175.png 300w, https:\/\/nmedacanada.ca\/wp-content\/uploads\/2020\/07\/Subaru-1030x600.png 1030w, https:\/\/nmedacanada.ca\/wp-content\/uploads\/2020\/07\/Subaru-768x448.png 768w, https:\/\/nmedacanada.ca\/wp-content\/uploads\/2020\/07\/Subaru-500x291.png 500w, https:\/\/nmedacanada.ca\/wp-content\/uploads\/2020\/07\/Subaru-394x230.png 394w, https:\/\/nmedacanada.ca\/wp-content\/uploads\/2020\/07\/Subaru-705x411.png 705w, https:\/\/nmedacanada.ca\/wp-content\/uploads\/2020\/07\/Subaru.png 1280w\" sizes=\"(max-width: 300px) 100vw, 300px\" \/><\/a><\/div>\n<div class=\"rightside\">\n<h4><a href=\"https:\/\/www.subaru.ca\/WebPage.aspx?WebSiteID=282&amp;WebPageID=22076\" target=\"_blank\" rel=\"noopener\"><strong>PROGRAMME DE MOBILIT\u00c9 SUBARU<\/strong><\/a><span class=\"clickbox\"><a href=\"https:\/\/www.subaru.com\/owners\/subaru-mobility-assist.html\" target=\"_blank\" rel=\"noopener\"><img loading=\"lazy\" class=\"alignnone\" src=\"https:\/\/www.nmedacanada.ca\/wp-content\/uploads\/2020\/07\/joinicon1.png\" alt=\"\" width=\"34\" height=\"34\" \/><\/a><\/span><\/h4>\n<p class=\"join-subtext\">Le programme Assistance Mobilit\u00e9 Subaru offre un remboursement pouvant aller jusqu&#8217;\u00e0 $750 pour les modifications de v\u00e9hicule ou l&#8217;installation d&#8217;appareils n\u00e9cessaires pour aider nos clients \u00e0 s&#8217;adapter \u00e0 leur nouveau v\u00e9hicule Subaru en raison de handicaps physiques m\u00e9dicalement reconnus.<\/p>\n<p><a href=\"tel:8008944212\">(800) 894-4212<\/a><\/p>\n<p class=\"learntext\"><a href=\"https:\/\/www.subaru.ca\/WebPage.aspx?WebSiteID=282&amp;WebPageID=22076\" target=\"_blank\" rel=\"noopener\">EN SAVOIR PLUS SUR LE PROGRAMME DE MOBILIT\u00c9 SUBARU<\/a><\/p>\n<\/div>\n<\/div>\n<\/div><\/section><\/div>\n","protected":false},"excerpt":{"rendered":"","protected":false},"author":5,"featured_media":0,"parent":66110,"menu_order":0,"comment_status":"closed","ping_status":"closed","template":"","meta":{"inline_featured_image":false},"acf":[],"yoast_head":"<!-- This site is optimized with the Yoast SEO plugin v17.8 - https:\/\/yoast.com\/wordpress\/plugins\/seo\/ -->\n<title>le Canada Finance les Rabais Feo - NMEDA<\/title>\n<meta name=\"robots\" content=\"index, follow, max-snippet:-1, max-image-preview:large, max-video-preview:-1\" \/>\n<link rel=\"canonical\" href=\"https:\/\/nmedacanada.ca\/fr\/ressources-pour-les-consommateurs\/financement\/le-canada-finance-les-rabais-feo\/\" \/>\n<meta property=\"og:locale\" content=\"fr_FR\" \/>\n<meta property=\"og:type\" content=\"article\" \/>\n<meta property=\"og:title\" content=\"le Canada Finance les Rabais Feo - NMEDA\" \/>\n<meta property=\"og:url\" content=\"https:\/\/nmedacanada.ca\/fr\/ressources-pour-les-consommateurs\/financement\/le-canada-finance-les-rabais-feo\/\" \/>\n<meta property=\"og:site_name\" content=\"NMEDA\" \/>\n<meta property=\"article:modified_time\" content=\"2021-09-21T02:29:35+00:00\" \/>\n<meta property=\"og:image\" content=\"https:\/\/www.nmedacanada.ca\/wp-content\/uploads\/2020\/07\/FCA_Logo_transparent-300x113.png\" \/>\n<meta name=\"twitter:card\" content=\"summary_large_image\" \/>\n<meta name=\"twitter:label1\" content=\"Dur\u00e9e de lecture estim\u00e9e\" \/>\n\t<meta name=\"twitter:data1\" content=\"8 minutes\" \/>\n<script type=\"application\/ld+json\" class=\"yoast-schema-graph\">{\"@context\":\"https:\/\/schema.org\",\"@graph\":[{\"@type\":\"WebSite\",\"@id\":\"https:\/\/nmedacanada.ca\/#website\",\"url\":\"https:\/\/nmedacanada.ca\/\",\"name\":\"NMEDA\",\"description\":\"\",\"potentialAction\":[{\"@type\":\"SearchAction\",\"target\":{\"@type\":\"EntryPoint\",\"urlTemplate\":\"https:\/\/nmedacanada.ca\/?s={search_term_string}\"},\"query-input\":\"required name=search_term_string\"}],\"inLanguage\":\"fr-FR\"},{\"@type\":\"ImageObject\",\"@id\":\"https:\/\/nmedacanada.ca\/fr\/ressources-pour-les-consommateurs\/financement\/le-canada-finance-les-rabais-feo\/#primaryimage\",\"inLanguage\":\"fr-FR\",\"url\":\"https:\/\/www.nmedacanada.ca\/wp-content\/uploads\/2020\/07\/FCA_Logo_transparent-300x113.png\",\"contentUrl\":\"https:\/\/www.nmedacanada.ca\/wp-content\/uploads\/2020\/07\/FCA_Logo_transparent-300x113.png\"},{\"@type\":\"WebPage\",\"@id\":\"https:\/\/nmedacanada.ca\/fr\/ressources-pour-les-consommateurs\/financement\/le-canada-finance-les-rabais-feo\/#webpage\",\"url\":\"https:\/\/nmedacanada.ca\/fr\/ressources-pour-les-consommateurs\/financement\/le-canada-finance-les-rabais-feo\/\",\"name\":\"le Canada Finance les Rabais Feo - NMEDA\",\"isPartOf\":{\"@id\":\"https:\/\/nmedacanada.ca\/#website\"},\"primaryImageOfPage\":{\"@id\":\"https:\/\/nmedacanada.ca\/fr\/ressources-pour-les-consommateurs\/financement\/le-canada-finance-les-rabais-feo\/#primaryimage\"},\"datePublished\":\"2021-09-21T02:24:30+00:00\",\"dateModified\":\"2021-09-21T02:29:35+00:00\",\"breadcrumb\":{\"@id\":\"https:\/\/nmedacanada.ca\/fr\/ressources-pour-les-consommateurs\/financement\/le-canada-finance-les-rabais-feo\/#breadcrumb\"},\"inLanguage\":\"fr-FR\",\"potentialAction\":[{\"@type\":\"ReadAction\",\"target\":[\"https:\/\/nmedacanada.ca\/fr\/ressources-pour-les-consommateurs\/financement\/le-canada-finance-les-rabais-feo\/\"]}]},{\"@type\":\"BreadcrumbList\",\"@id\":\"https:\/\/nmedacanada.ca\/fr\/ressources-pour-les-consommateurs\/financement\/le-canada-finance-les-rabais-feo\/#breadcrumb\",\"itemListElement\":[{\"@type\":\"ListItem\",\"position\":1,\"name\":\"Home\",\"item\":\"https:\/\/nmedacanada.ca\/fr\/\"},{\"@type\":\"ListItem\",\"position\":2,\"name\":\"Ressources pour les consommateurs\",\"item\":\"https:\/\/nmedacanada.ca\/fr\/ressources-pour-les-consommateurs\/\"},{\"@type\":\"ListItem\",\"position\":3,\"name\":\"Financement\",\"item\":\"https:\/\/nmedacanada.ca\/fr\/ressources-pour-les-consommateurs\/financement\/\"},{\"@type\":\"ListItem\",\"position\":4,\"name\":\"le Canada Finance les Rabais Feo\"}]}]}<\/script>\n<!-- \/ Yoast SEO plugin. -->","yoast_head_json":{"title":"le Canada Finance les Rabais Feo - NMEDA","robots":{"index":"index","follow":"follow","max-snippet":"max-snippet:-1","max-image-preview":"max-image-preview:large","max-video-preview":"max-video-preview:-1"},"canonical":"https:\/\/nmedacanada.ca\/fr\/ressources-pour-les-consommateurs\/financement\/le-canada-finance-les-rabais-feo\/","og_locale":"fr_FR","og_type":"article","og_title":"le Canada Finance les Rabais Feo - NMEDA","og_url":"https:\/\/nmedacanada.ca\/fr\/ressources-pour-les-consommateurs\/financement\/le-canada-finance-les-rabais-feo\/","og_site_name":"NMEDA","article_modified_time":"2021-09-21T02:29:35+00:00","og_image":[{"url":"https:\/\/www.nmedacanada.ca\/wp-content\/uploads\/2020\/07\/FCA_Logo_transparent-300x113.png"}],"twitter_card":"summary_large_image","twitter_misc":{"Dur\u00e9e de lecture estim\u00e9e":"8 minutes"},"schema":{"@context":"https:\/\/schema.org","@graph":[{"@type":"WebSite","@id":"https:\/\/nmedacanada.ca\/#website","url":"https:\/\/nmedacanada.ca\/","name":"NMEDA","description":"","potentialAction":[{"@type":"SearchAction","target":{"@type":"EntryPoint","urlTemplate":"https:\/\/nmedacanada.ca\/?s={search_term_string}"},"query-input":"required name=search_term_string"}],"inLanguage":"fr-FR"},{"@type":"ImageObject","@id":"https:\/\/nmedacanada.ca\/fr\/ressources-pour-les-consommateurs\/financement\/le-canada-finance-les-rabais-feo\/#primaryimage","inLanguage":"fr-FR","url":"https:\/\/www.nmedacanada.ca\/wp-content\/uploads\/2020\/07\/FCA_Logo_transparent-300x113.png","contentUrl":"https:\/\/www.nmedacanada.ca\/wp-content\/uploads\/2020\/07\/FCA_Logo_transparent-300x113.png"},{"@type":"WebPage","@id":"https:\/\/nmedacanada.ca\/fr\/ressources-pour-les-consommateurs\/financement\/le-canada-finance-les-rabais-feo\/#webpage","url":"https:\/\/nmedacanada.ca\/fr\/ressources-pour-les-consommateurs\/financement\/le-canada-finance-les-rabais-feo\/","name":"le Canada Finance les Rabais Feo - NMEDA","isPartOf":{"@id":"https:\/\/nmedacanada.ca\/#website"},"primaryImageOfPage":{"@id":"https:\/\/nmedacanada.ca\/fr\/ressources-pour-les-consommateurs\/financement\/le-canada-finance-les-rabais-feo\/#primaryimage"},"datePublished":"2021-09-21T02:24:30+00:00","dateModified":"2021-09-21T02:29:35+00:00","breadcrumb":{"@id":"https:\/\/nmedacanada.ca\/fr\/ressources-pour-les-consommateurs\/financement\/le-canada-finance-les-rabais-feo\/#breadcrumb"},"inLanguage":"fr-FR","potentialAction":[{"@type":"ReadAction","target":["https:\/\/nmedacanada.ca\/fr\/ressources-pour-les-consommateurs\/financement\/le-canada-finance-les-rabais-feo\/"]}]},{"@type":"BreadcrumbList","@id":"https:\/\/nmedacanada.ca\/fr\/ressources-pour-les-consommateurs\/financement\/le-canada-finance-les-rabais-feo\/#breadcrumb","itemListElement":[{"@type":"ListItem","position":1,"name":"Home","item":"https:\/\/nmedacanada.ca\/fr\/"},{"@type":"ListItem","position":2,"name":"Ressources pour les consommateurs","item":"https:\/\/nmedacanada.ca\/fr\/ressources-pour-les-consommateurs\/"},{"@type":"ListItem","position":3,"name":"Financement","item":"https:\/\/nmedacanada.ca\/fr\/ressources-pour-les-consommateurs\/financement\/"},{"@type":"ListItem","position":4,"name":"le Canada Finance les Rabais Feo"}]}]}},"_links":{"self":[{"href":"https:\/\/nmedacanada.ca\/fr\/wp-json\/wp\/v2\/pages\/67072"}],"collection":[{"href":"https:\/\/nmedacanada.ca\/fr\/wp-json\/wp\/v2\/pages"}],"about":[{"href":"https:\/\/nmedacanada.ca\/fr\/wp-json\/wp\/v2\/types\/page"}],"author":[{"embeddable":true,"href":"https:\/\/nmedacanada.ca\/fr\/wp-json\/wp\/v2\/users\/5"}],"replies":[{"embeddable":true,"href":"https:\/\/nmedacanada.ca\/fr\/wp-json\/wp\/v2\/comments?post=67072"}],"version-history":[{"count":4,"href":"https:\/\/nmedacanada.ca\/fr\/wp-json\/wp\/v2\/pages\/67072\/revisions"}],"predecessor-version":[{"id":67078,"href":"https:\/\/nmedacanada.ca\/fr\/wp-json\/wp\/v2\/pages\/67072\/revisions\/67078"}],"up":[{"embeddable":true,"href":"https:\/\/nmedacanada.ca\/fr\/wp-json\/wp\/v2\/pages\/66110"}],"wp:attachment":[{"href":"https:\/\/nmedacanada.ca\/fr\/wp-json\/wp\/v2\/media?parent=67072"}],"curies":[{"name":"wp","href":"https:\/\/api.w.org\/{rel}","templated":true}]}}